{"id":6675,"date":"2022-02-21T16:09:48","date_gmt":"2022-02-21T16:09:48","guid":{"rendered":"https:\/\/microcubo.pt\/noticias\/"},"modified":"2024-04-16T10:12:02","modified_gmt":"2024-04-16T10:12:02","slug":"noticias","status":"publish","type":"page","link":"https:\/\/microcubo.pt\/es\/noticias\/","title":{"rendered":"Noticias"},"content":{"rendered":"\t\t<div data-elementor-type=\"wp-page\" data-elementor-id=\"6675\" class=\"elementor elementor-6675 elementor-99\" data-elementor-post-type=\"page\">\n\t\t\t\t\t\t<section class=\"elementor-section elementor-top-section elementor-element elementor-element-48f9e02 elementor-section-boxed elementor-section-height-default elementor-section-height-default qodef-elementor-content-no\" data-id=\"48f9e02\" data-element_type=\"section\" data-e-type=\"section\">\n\t\t\t\t\t\t<div class=\"elementor-container elementor-column-gap-default\">\n\t\t\t\t\t<div class=\"elementor-column elementor-col-100 elementor-top-column elementor-element elementor-element-b36ba53\" data-id=\"b36ba53\" data-element_type=\"column\" data-e-type=\"column\">\n\t\t\t<div class=\"elementor-widget-wrap elementor-element-populated\">\n\t\t\t\t\t\t<div class=\"elementor-element elementor-element-35f3230 elementor-align-left bbd-custom-breadcrumbs elementor-widget elementor-widget-breadcrumbs\" data-id=\"35f3230\" data-element_type=\"widget\" data-e-type=\"widget\" data-widget_type=\"breadcrumbs.default\">\n\t\t\t\t<div class=\"elementor-widget-container\">\n\t\t\t\t\t<p id=\"breadcrumbs\"><span><span><a href=\"https:\/\/microcubo.pt\/es\/\">casa<\/a><\/span><\/span><\/p>\t\t\t\t<\/div>\n\t\t\t\t<\/div>\n\t\t\t\t\t<\/div>\n\t\t<\/div>\n\t\t\t\t\t<\/div>\n\t\t<\/section>\n\t\t\t\t<section class=\"elementor-section elementor-top-section elementor-element elementor-element-57f787e elementor-section-boxed elementor-section-height-default elementor-section-height-default qodef-elementor-content-no\" data-id=\"57f787e\" data-element_type=\"section\" data-e-type=\"section\">\n\t\t\t\t\t\t<div class=\"elementor-container elementor-column-gap-default\">\n\t\t\t\t\t<div class=\"elementor-column elementor-col-100 elementor-top-column elementor-element elementor-element-34b0d91\" data-id=\"34b0d91\" data-element_type=\"column\" data-e-type=\"column\">\n\t\t\t<div class=\"elementor-widget-wrap elementor-element-populated\">\n\t\t\t\t\t\t<div class=\"elementor-element elementor-element-eda74a9 elementor-widget elementor-widget-qi_addons_for_elementor_blog_list\" data-id=\"eda74a9\" data-element_type=\"widget\" data-e-type=\"widget\" data-widget_type=\"qi_addons_for_elementor_blog_list.default\">\n\t\t\t\t<div class=\"elementor-widget-container\">\n\t\t\t\t\t<div class=\"qodef-shortcode qodef-m qodef-addons-blog-list qodef-info-no-icons qodef-image--hover-zoom qodef-qi-grid qodef-layout--qi-columns qodef-col-num--2 qodef-item-layout--date-boxed qodef-responsive--custom qodef-col-num--1680--2 qodef-col-num--1440--2 qodef-col-num--1366--2 qodef-col-num--1024--1 qodef-col-num--768--1 qodef-col-num--680--1 qodef-col-num--480--1\" >\n\t<div class=\"qodef-grid-inner\">\n\t\t<article class=\"qodef-e qodef-blog-item qodef-grid-item qodef-item--landscape post-21624 post type-post status-publish format-standard has-post-thumbnail hentry category-sin-categorizar\">\n\t<div class=\"qodef-e-inner\">\n\t\t<div class=\"qodef-e-media-holder\">\n\t\t\t<div class=\"qodef-e-media\">\n\t\t<div class=\"qodef-e-media-image\">\n\t\t<a itemprop=\"url\" href=\"https:\/\/microcubo.pt\/es\/como-el-mobiliario-urbano-mejora-la-calidad-de-vida-en-las-ciudades\/\">\n\t\t\t<img fetchpriority=\"high\" decoding=\"async\" width=\"951\" height=\"535\" src=\"https:\/\/microcubo.pt\/wp-content\/uploads\/2025\/11\/microcubo-blog-como-o-mobiliario-urbano.jpg\" class=\"attachment-qi_addons_for_elementor_image_size_landscape size-qi_addons_for_elementor_image_size_landscape\" alt=\"\" srcset=\"https:\/\/microcubo.pt\/wp-content\/uploads\/2025\/11\/microcubo-blog-como-o-mobiliario-urbano.jpg 951w, https:\/\/microcubo.pt\/wp-content\/uploads\/2025\/11\/microcubo-blog-como-o-mobiliario-urbano-300x169.jpg 300w, https:\/\/microcubo.pt\/wp-content\/uploads\/2025\/11\/microcubo-blog-como-o-mobiliario-urbano-768x432.jpg 768w\" sizes=\"(max-width: 951px) 100vw, 951px\" \/>\t\t<\/a>\n\t\t\t<\/div>\n<\/div>\n\t\t<\/div>\n\t\t<div class=\"qodef-e-content\">\n\t\t\t\t\t\t<div class=\"qodef-e-text\">\n\t\t\t\t<h4 itemprop=\"name\" class=\"qodef-e-title entry-title\">\n\t<a itemprop=\"url\" class=\"qodef-e-title-link\" href=\"https:\/\/microcubo.pt\/es\/como-el-mobiliario-urbano-mejora-la-calidad-de-vida-en-las-ciudades\/\">\n\t\tC\u00f3mo el mobiliario urbano mejora la calidad de vida en las ciudades\t<\/a>\n<\/h4>\n\t\t<p itemprop=\"description\" class=\"qodef-e-excerpt\">\n\t\t\tEl mobiliario urbano es un elemento silencioso, pero esencial, en la vida urbana. La forma en que est\u00e1 equipada una ciudad influye en el comportamiento, el bienestar e incluso la percepci\u00f3n de segur\t\t<\/p>\n\t\t\t\t<\/div>\n\t\t\t\t\t\t\t<div class=\"qodef-e-info qodef-info--bottom\">\n\t\t\t\t\t\t<div class=\"qodef-e-read-more\">\n\t\t<a class=\"qodef-shortcode qodef-m qodef-qi-button qodef-html--link qodef-layout--textual qodef-type--standard qodef-icon--right qodef-hover--icon-move-horizontal-short qodef-text-underline qodef-underline--left\" href=\"https:\/\/microcubo.pt\/es\/como-el-mobiliario-urbano-mejora-la-calidad-de-vida-en-las-ciudades\/\" target=\"_self\">\t<span class=\"qodef-m-text\">Leer M\u00e1s<\/span>\t<\/a>\t<\/div>\n\t\t\t\t<\/div>\n\t\t\t\t\t<\/div>\n\t<\/div>\n<\/article>\n<article class=\"qodef-e qodef-blog-item qodef-grid-item qodef-item--landscape post-21608 post type-post status-publish format-video has-post-thumbnail hentry category-sin-categorizar post_format-post-format-video\">\n\t<div class=\"qodef-e-inner\">\n\t\t<div class=\"qodef-e-media-holder\">\n\t\t\t<div class=\"qodef-e-media\">\n\t\t<div class=\"qodef-e-media-image\">\n\t\t<a itemprop=\"url\" href=\"https:\/\/microcubo.pt\/es\/bebedero-tower-de-microcubo-en-las-escuelas-de-cascais\/\">\n\t\t\t<img decoding=\"async\" width=\"619\" height=\"348\" src=\"https:\/\/microcubo.pt\/wp-content\/uploads\/2025\/05\/new-04-featured.png\" class=\"attachment-qi_addons_for_elementor_image_size_landscape size-qi_addons_for_elementor_image_size_landscape\" alt=\"\" srcset=\"https:\/\/microcubo.pt\/wp-content\/uploads\/2025\/05\/new-04-featured.png 619w, https:\/\/microcubo.pt\/wp-content\/uploads\/2025\/05\/new-04-featured-300x169.png 300w\" sizes=\"(max-width: 619px) 100vw, 619px\" \/>\t\t<\/a>\n\t\t\t<\/div>\n<\/div>\n\t\t<\/div>\n\t\t<div class=\"qodef-e-content\">\n\t\t\t\t\t\t<div class=\"qodef-e-text\">\n\t\t\t\t<h4 itemprop=\"name\" class=\"qodef-e-title entry-title\">\n\t<a itemprop=\"url\" class=\"qodef-e-title-link\" href=\"https:\/\/microcubo.pt\/es\/bebedero-tower-de-microcubo-en-las-escuelas-de-cascais\/\">\n\t\tBebedero Tower de Microcubo en las escuelas de Cascais\t<\/a>\n<\/h4>\n\t\t<p itemprop=\"description\" class=\"qodef-e-excerpt\">\n\t\t\tEn Cascais, el espacio urbano se transforma en aula y agente de cambio. La instalaci\u00f3n de 82 bebederos Tower de Microcubo, en colaboraci\u00f3n con el Ayuntamiento de Cascais y la empresa \u00c1guas de Casca\t\t<\/p>\n\t\t\t\t<\/div>\n\t\t\t\t\t\t\t<div class=\"qodef-e-info qodef-info--bottom\">\n\t\t\t\t\t\t<div class=\"qodef-e-read-more\">\n\t\t<a class=\"qodef-shortcode qodef-m qodef-qi-button qodef-html--link qodef-layout--textual qodef-type--standard qodef-icon--right qodef-hover--icon-move-horizontal-short qodef-text-underline qodef-underline--left\" href=\"https:\/\/microcubo.pt\/es\/bebedero-tower-de-microcubo-en-las-escuelas-de-cascais\/\" target=\"_self\">\t<span class=\"qodef-m-text\">Leer M\u00e1s<\/span>\t<\/a>\t<\/div>\n\t\t\t\t<\/div>\n\t\t\t\t\t<\/div>\n\t<\/div>\n<\/article>\n<article class=\"qodef-e qodef-blog-item qodef-grid-item qodef-item--landscape post-16382 post type-post status-publish format-standard has-post-thumbnail hentry category-sin-categorizar\">\n\t<div class=\"qodef-e-inner\">\n\t\t<div class=\"qodef-e-media-holder\">\n\t\t\t<div class=\"qodef-e-media\">\n\t\t<div class=\"qodef-e-media-image\">\n\t\t<a itemprop=\"url\" href=\"https:\/\/microcubo.pt\/es\/microcubo-estuvo-presente-por-segundo-ano-consecutivo-en-urban-garden\/\">\n\t\t\t<img decoding=\"async\" width=\"1300\" height=\"650\" src=\"https:\/\/microcubo.pt\/wp-content\/uploads\/2024\/04\/microcubo_JMF5119-1300x650.jpg\" class=\"attachment-qi_addons_for_elementor_image_size_landscape size-qi_addons_for_elementor_image_size_landscape\" alt=\"Microcubo\" \/>\t\t<\/a>\n\t\t\t<\/div>\n<\/div>\n\t\t<\/div>\n\t\t<div class=\"qodef-e-content\">\n\t\t\t\t\t\t<div class=\"qodef-e-text\">\n\t\t\t\t<h4 itemprop=\"name\" class=\"qodef-e-title entry-title\">\n\t<a itemprop=\"url\" class=\"qodef-e-title-link\" href=\"https:\/\/microcubo.pt\/es\/microcubo-estuvo-presente-por-segundo-ano-consecutivo-en-urban-garden\/\">\n\t\tMicrocubo estuvo presente por segundo a\u00f1o consecutivo en Urban Garden\t<\/a>\n<\/h4>\n\t\t<p itemprop=\"description\" class=\"qodef-e-excerpt\">\n\t\t\tMicrocubo vuelve al Jard\u00edn Urbano del 21 al 23 de marzo en Lisboa, destacando su nueva l\u00ednea de mobiliario urbano sostenible.\t\t<\/p>\n\t\t\t\t<\/div>\n\t\t\t\t\t\t\t<div class=\"qodef-e-info qodef-info--bottom\">\n\t\t\t\t\t\t<div class=\"qodef-e-read-more\">\n\t\t<a class=\"qodef-shortcode qodef-m qodef-qi-button qodef-html--link qodef-layout--textual qodef-type--standard qodef-icon--right qodef-hover--icon-move-horizontal-short qodef-text-underline qodef-underline--left\" href=\"https:\/\/microcubo.pt\/es\/microcubo-estuvo-presente-por-segundo-ano-consecutivo-en-urban-garden\/\" target=\"_self\">\t<span class=\"qodef-m-text\">Leer M\u00e1s<\/span>\t<\/a>\t<\/div>\n\t\t\t\t<\/div>\n\t\t\t\t\t<\/div>\n\t<\/div>\n<\/article>\n<article class=\"qodef-e qodef-blog-item qodef-grid-item qodef-item--landscape post-10626 post type-post status-publish format-standard has-post-thumbnail hentry category-sin-categorizar\">\n\t<div class=\"qodef-e-inner\">\n\t\t<div class=\"qodef-e-media-holder\">\n\t\t\t<div class=\"qodef-e-media\">\n\t\t<div class=\"qodef-e-media-image\">\n\t\t<a itemprop=\"url\" href=\"https:\/\/microcubo.pt\/es\/arte-urbano-microcubo-innovo-con-neumaticos-reciclados-en-urban-garden\/\">\n\t\t\t<img loading=\"lazy\" decoding=\"async\" width=\"1300\" height=\"650\" src=\"https:\/\/microcubo.pt\/wp-content\/uploads\/2023\/04\/microcubo-arte-urbana-1300x650.jpg\" class=\"attachment-qi_addons_for_elementor_image_size_landscape size-qi_addons_for_elementor_image_size_landscape\" alt=\"\" \/>\t\t<\/a>\n\t\t\t<\/div>\n<\/div>\n\t\t<\/div>\n\t\t<div class=\"qodef-e-content\">\n\t\t\t\t\t\t<div class=\"qodef-e-text\">\n\t\t\t\t<h4 itemprop=\"name\" class=\"qodef-e-title entry-title\">\n\t<a itemprop=\"url\" class=\"qodef-e-title-link\" href=\"https:\/\/microcubo.pt\/es\/arte-urbano-microcubo-innovo-con-neumaticos-reciclados-en-urban-garden\/\">\n\t\tArte Urbano: Microcubo innov\u00f3 con neum\u00e1ticos reciclados en Urban Garden\t<\/a>\n<\/h4>\n\t\t<p itemprop=\"description\" class=\"qodef-e-excerpt\">\n\t\t\tMicrocubo aport\u00f3 una perspectiva diferente a Exponor, en Matosinhos\/Porto, del 16 al 18 de marzo.\t\t<\/p>\n\t\t\t\t<\/div>\n\t\t\t\t\t\t\t<div class=\"qodef-e-info qodef-info--bottom\">\n\t\t\t\t\t\t<div class=\"qodef-e-read-more\">\n\t\t<a class=\"qodef-shortcode qodef-m qodef-qi-button qodef-html--link qodef-layout--textual qodef-type--standard qodef-icon--right qodef-hover--icon-move-horizontal-short qodef-text-underline qodef-underline--left\" href=\"https:\/\/microcubo.pt\/es\/arte-urbano-microcubo-innovo-con-neumaticos-reciclados-en-urban-garden\/\" target=\"_self\">\t<span class=\"qodef-m-text\">Leer M\u00e1s<\/span>\t<\/a>\t<\/div>\n\t\t\t\t<\/div>\n\t\t\t\t\t<\/div>\n\t<\/div>\n<\/article>\n<article class=\"qodef-e qodef-blog-item qodef-grid-item qodef-item--landscape post-21598 post type-post status-publish format-standard has-post-thumbnail hentry\">\n\t<div class=\"qodef-e-inner\">\n\t\t<div class=\"qodef-e-media-holder\">\n\t\t\t<div class=\"qodef-e-media\">\n\t\t<div class=\"qodef-e-media-image\">\n\t\t<a itemprop=\"url\" href=\"https:\/\/microcubo.pt\/es\/microcubo-en-archinews\/\">\n\t\t\t<img loading=\"lazy\" decoding=\"async\" width=\"1300\" height=\"650\" src=\"https:\/\/microcubo.pt\/wp-content\/uploads\/2022\/02\/microcubo-noticia-01-1300x650.jpg\" class=\"attachment-qi_addons_for_elementor_image_size_landscape size-qi_addons_for_elementor_image_size_landscape\" alt=\"\" \/>\t\t<\/a>\n\t\t\t<\/div>\n<\/div>\n\t\t<\/div>\n\t\t<div class=\"qodef-e-content\">\n\t\t\t\t\t\t<div class=\"qodef-e-text\">\n\t\t\t\t<h4 itemprop=\"name\" class=\"qodef-e-title entry-title\">\n\t<a itemprop=\"url\" class=\"qodef-e-title-link\" href=\"https:\/\/microcubo.pt\/es\/microcubo-en-archinews\/\">\n\t\tMicrocubo en ArchiNews\t<\/a>\n<\/h4>\n\t\t<p itemprop=\"description\" class=\"qodef-e-excerpt\">\n\t\t\tMicrocubo \u2013 Innovaci\u00f3n y Dise\u00f1o fue una de las empresas presentadas en la revista ArchiNews.\t\t<\/p>\n\t\t\t\t<\/div>\n\t\t\t\t\t\t\t<div class=\"qodef-e-info qodef-info--bottom\">\n\t\t\t\t\t\t<div class=\"qodef-e-read-more\">\n\t\t<a class=\"qodef-shortcode qodef-m qodef-qi-button qodef-html--link qodef-layout--textual qodef-type--standard qodef-icon--right qodef-hover--icon-move-horizontal-short qodef-text-underline qodef-underline--left\" href=\"https:\/\/microcubo.pt\/es\/microcubo-en-archinews\/\" target=\"_self\">\t<span class=\"qodef-m-text\">Leer M\u00e1s<\/span>\t<\/a>\t<\/div>\n\t\t\t\t<\/div>\n\t\t\t\t\t<\/div>\n\t<\/div>\n<\/article>\n\t<\/div>\n\t<\/div>\n\t\t\t\t<\/div>\n\t\t\t\t<\/div>\n\t\t\t\t\t<\/div>\n\t\t<\/div>\n\t\t\t\t\t<\/div>\n\t\t<\/section>\n\t\t\t\t<\/div>\n\t\t","protected":false},"excerpt":{"rendered":"<p>Microcubo marcou presen\u00e7a, pela 2\u00aa vez consecutiva, na Urban Garden Pelo segundo ano, a Microcubo marcou presen\u00e7a na Urban Garden, a 5\u00aa edi\u00e7\u00e3o da feira profissional dedicada a equipamentos, produtos e servi\u00e7os para ambientes urbanos, ecol\u00f3gicos e sustent\u00e1veis, Leer M\u00e1s Arte Urbana: A Microcubo inovou com pneus reciclados na Urban Garden Em busca da sustentabilidade [&hellip;]<\/p>\n","protected":false},"author":1,"featured_media":0,"parent":0,"menu_order":0,"comment_status":"closed","ping_status":"closed","template":"page-full-width.php","meta":{"footnotes":""},"class_list":["post-6675","page","type-page","status-publish","hentry"],"yoast_head":"<!-- This site is optimized with the Yoast SEO plugin v27.5 - https:\/\/yoast.com\/product\/yoast-seo-wordpress\/ -->\n<title>Noticias - Microcubo<\/title>\n<meta name=\"description\" content=\"Na microcubo entregamos-lhe a melhor sele\u00e7\u00e3o de not\u00edcias do setor. Conhe\u00e7a as noticias que selecionamos para si.\" \/>\n<meta name=\"robots\" content=\"index, follow, max-snippet:-1, max-image-preview:large, max-video-preview:-1\" \/>\n<link rel=\"canonical\" href=\"https:\/\/microcubo.pt\/es\/noticias\/\" \/>\n<meta property=\"og:locale\" content=\"es_ES\" \/>\n<meta property=\"og:type\" content=\"article\" \/>\n<meta property=\"og:title\" content=\"Noticias - Microcubo\" \/>\n<meta property=\"og:description\" content=\"Na microcubo entregamos-lhe a melhor sele\u00e7\u00e3o de not\u00edcias do setor. Conhe\u00e7a as noticias que selecionamos para si.\" \/>\n<meta property=\"og:url\" content=\"https:\/\/microcubo.pt\/es\/noticias\/\" \/>\n<meta property=\"og:site_name\" content=\"Microcubo\" \/>\n<meta property=\"article:modified_time\" content=\"2024-04-16T10:12:02+00:00\" \/>\n<meta property=\"og:image\" content=\"https:\/\/microcubo.pt\/wp-content\/uploads\/2024\/04\/microcubo_JMF5119-1300x650.jpg\" \/>\n<meta name=\"twitter:card\" content=\"summary_large_image\" \/>\n<meta name=\"twitter:label1\" content=\"Tiempo de lectura\" \/>\n\t<meta name=\"twitter:data1\" content=\"2 minutos\" \/>\n<script type=\"application\/ld+json\" class=\"yoast-schema-graph\">{\"@context\":\"https:\\\/\\\/schema.org\",\"@graph\":[{\"@type\":\"WebPage\",\"@id\":\"https:\\\/\\\/microcubo.pt\\\/es\\\/noticias\\\/\",\"url\":\"https:\\\/\\\/microcubo.pt\\\/es\\\/noticias\\\/\",\"name\":\"Noticias - Microcubo\",\"isPartOf\":{\"@id\":\"https:\\\/\\\/microcubo.pt\\\/es\\\/#website\"},\"primaryImageOfPage\":{\"@id\":\"https:\\\/\\\/microcubo.pt\\\/es\\\/noticias\\\/#primaryimage\"},\"image\":{\"@id\":\"https:\\\/\\\/microcubo.pt\\\/es\\\/noticias\\\/#primaryimage\"},\"thumbnailUrl\":\"https:\\\/\\\/microcubo.pt\\\/wp-content\\\/uploads\\\/2024\\\/04\\\/microcubo_JMF5119-1300x650.jpg\",\"datePublished\":\"2022-02-21T16:09:48+00:00\",\"dateModified\":\"2024-04-16T10:12:02+00:00\",\"description\":\"Na microcubo entregamos-lhe a melhor sele\u00e7\u00e3o de not\u00edcias do setor. Conhe\u00e7a as noticias que selecionamos para si.\",\"breadcrumb\":{\"@id\":\"https:\\\/\\\/microcubo.pt\\\/es\\\/noticias\\\/#breadcrumb\"},\"inLanguage\":\"es\",\"potentialAction\":[{\"@type\":\"ReadAction\",\"target\":[\"https:\\\/\\\/microcubo.pt\\\/es\\\/noticias\\\/\"]}]},{\"@type\":\"ImageObject\",\"inLanguage\":\"es\",\"@id\":\"https:\\\/\\\/microcubo.pt\\\/es\\\/noticias\\\/#primaryimage\",\"url\":\"https:\\\/\\\/microcubo.pt\\\/wp-content\\\/uploads\\\/2024\\\/04\\\/microcubo_JMF5119-1300x650.jpg\",\"contentUrl\":\"https:\\\/\\\/microcubo.pt\\\/wp-content\\\/uploads\\\/2024\\\/04\\\/microcubo_JMF5119-1300x650.jpg\"},{\"@type\":\"BreadcrumbList\",\"@id\":\"https:\\\/\\\/microcubo.pt\\\/es\\\/noticias\\\/#breadcrumb\",\"itemListElement\":[{\"@type\":\"ListItem\",\"position\":1,\"name\":\"casa\",\"item\":\"https:\\\/\\\/microcubo.pt\\\/es\\\/\"},{\"@type\":\"ListItem\",\"position\":2,\"name\":\"Noticias\"}]},{\"@type\":\"WebSite\",\"@id\":\"https:\\\/\\\/microcubo.pt\\\/es\\\/#website\",\"url\":\"https:\\\/\\\/microcubo.pt\\\/es\\\/\",\"name\":\"Microcubo\",\"description\":\"\",\"potentialAction\":[{\"@type\":\"SearchAction\",\"target\":{\"@type\":\"EntryPoint\",\"urlTemplate\":\"https:\\\/\\\/microcubo.pt\\\/es\\\/?s={search_term_string}\"},\"query-input\":{\"@type\":\"PropertyValueSpecification\",\"valueRequired\":true,\"valueName\":\"search_term_string\"}}],\"inLanguage\":\"es\"}]}<\/script>\n<!-- \/ Yoast SEO plugin. -->","yoast_head_json":{"title":"Noticias - Microcubo","description":"Na microcubo entregamos-lhe a melhor sele\u00e7\u00e3o de not\u00edcias do setor. Conhe\u00e7a as noticias que selecionamos para si.","robots":{"index":"index","follow":"follow","max-snippet":"max-snippet:-1","max-image-preview":"max-image-preview:large","max-video-preview":"max-video-preview:-1"},"canonical":"https:\/\/microcubo.pt\/es\/noticias\/","og_locale":"es_ES","og_type":"article","og_title":"Noticias - Microcubo","og_description":"Na microcubo entregamos-lhe a melhor sele\u00e7\u00e3o de not\u00edcias do setor. Conhe\u00e7a as noticias que selecionamos para si.","og_url":"https:\/\/microcubo.pt\/es\/noticias\/","og_site_name":"Microcubo","article_modified_time":"2024-04-16T10:12:02+00:00","og_image":[{"url":"https:\/\/microcubo.pt\/wp-content\/uploads\/2024\/04\/microcubo_JMF5119-1300x650.jpg","type":"","width":"","height":""}],"twitter_card":"summary_large_image","twitter_misc":{"Tiempo de lectura":"2 minutos"},"schema":{"@context":"https:\/\/schema.org","@graph":[{"@type":"WebPage","@id":"https:\/\/microcubo.pt\/es\/noticias\/","url":"https:\/\/microcubo.pt\/es\/noticias\/","name":"Noticias - Microcubo","isPartOf":{"@id":"https:\/\/microcubo.pt\/es\/#website"},"primaryImageOfPage":{"@id":"https:\/\/microcubo.pt\/es\/noticias\/#primaryimage"},"image":{"@id":"https:\/\/microcubo.pt\/es\/noticias\/#primaryimage"},"thumbnailUrl":"https:\/\/microcubo.pt\/wp-content\/uploads\/2024\/04\/microcubo_JMF5119-1300x650.jpg","datePublished":"2022-02-21T16:09:48+00:00","dateModified":"2024-04-16T10:12:02+00:00","description":"Na microcubo entregamos-lhe a melhor sele\u00e7\u00e3o de not\u00edcias do setor. Conhe\u00e7a as noticias que selecionamos para si.","breadcrumb":{"@id":"https:\/\/microcubo.pt\/es\/noticias\/#breadcrumb"},"inLanguage":"es","potentialAction":[{"@type":"ReadAction","target":["https:\/\/microcubo.pt\/es\/noticias\/"]}]},{"@type":"ImageObject","inLanguage":"es","@id":"https:\/\/microcubo.pt\/es\/noticias\/#primaryimage","url":"https:\/\/microcubo.pt\/wp-content\/uploads\/2024\/04\/microcubo_JMF5119-1300x650.jpg","contentUrl":"https:\/\/microcubo.pt\/wp-content\/uploads\/2024\/04\/microcubo_JMF5119-1300x650.jpg"},{"@type":"BreadcrumbList","@id":"https:\/\/microcubo.pt\/es\/noticias\/#breadcrumb","itemListElement":[{"@type":"ListItem","position":1,"name":"casa","item":"https:\/\/microcubo.pt\/es\/"},{"@type":"ListItem","position":2,"name":"Noticias"}]},{"@type":"WebSite","@id":"https:\/\/microcubo.pt\/es\/#website","url":"https:\/\/microcubo.pt\/es\/","name":"Microcubo","description":"","potentialAction":[{"@type":"SearchAction","target":{"@type":"EntryPoint","urlTemplate":"https:\/\/microcubo.pt\/es\/?s={search_term_string}"},"query-input":{"@type":"PropertyValueSpecification","valueRequired":true,"valueName":"search_term_string"}}],"inLanguage":"es"}]}},"_links":{"self":[{"href":"https:\/\/microcubo.pt\/es\/wp-json\/wp\/v2\/pages\/6675","targetHints":{"allow":["GET"]}}],"collection":[{"href":"https:\/\/microcubo.pt\/es\/wp-json\/wp\/v2\/pages"}],"about":[{"href":"https:\/\/microcubo.pt\/es\/wp-json\/wp\/v2\/types\/page"}],"author":[{"embeddable":true,"href":"https:\/\/microcubo.pt\/es\/wp-json\/wp\/v2\/users\/1"}],"replies":[{"embeddable":true,"href":"https:\/\/microcubo.pt\/es\/wp-json\/wp\/v2\/comments?post=6675"}],"version-history":[{"count":11,"href":"https:\/\/microcubo.pt\/es\/wp-json\/wp\/v2\/pages\/6675\/revisions"}],"predecessor-version":[{"id":16424,"href":"https:\/\/microcubo.pt\/es\/wp-json\/wp\/v2\/pages\/6675\/revisions\/16424"}],"wp:attachment":[{"href":"https:\/\/microcubo.pt\/es\/wp-json\/wp\/v2\/media?parent=6675"}],"curies":[{"name":"wp","href":"https:\/\/api.w.org\/{rel}","templated":true}]}}